{"id":84294,"date":"2026-09-03T11:40:54","date_gmt":"2026-09-03T09:40:54","guid":{"rendered":"https:\/\/magazin.tu-braunschweig.de\/?post_type=kb_events&#038;p=84294"},"modified":"2026-09-03T11:40:54","modified_gmt":"2026-09-03T09:40:54","slug":"desertieren-in-die-natur-wilhelm-lehmanns-roman-der-ueberlaeufer","status":"publish","type":"kb_events","link":"https:\/\/magazin.tu-braunschweig.de\/en\/event\/desertieren-in-die-natur-wilhelm-lehmanns-roman-der-ueberlaeufer\/","title":{"rendered":"Desertieren &#8211; in die Natur. Wilhelm Lehmanns Roman &#8220;Der \u00dcberl\u00e4ufer&#8221;"},"content":{"rendered":"<p>Die Ringvorlesung des Instituts f\u00fcr Germanistik im WS 26\/27 \u201eKrieg: Geschichte \u2013 Gegenwart \u2013 Zukunft.\u201c widmet sich dem Ph\u00e4nomen Krieg aus interdisziplin\u00e4rer Perspektive. Sie betrachtet Krieg nicht nur als historisches Ereignis, sondern auch als \u00e4sthetisch, medial und philosophisch gepr\u00e4gtes Ph\u00e4nomen. In w\u00f6chentlichen Vortr\u00e4gen pr\u00e4sentieren Expertinnen und Experten aus Literatur-, Kunst- und Kulturwissenschaft sowie der Philosophie Zug\u00e4nge von literarischen Darstellungen und visuellen Gewaltrepr\u00e4sentationen bis hin zu historiographischen und philosophischen Reflexionen. Im Fokus steht die Frage, wie unterschiedliche Disziplinen Krieg als Erfahrungs-, Deutungs- und Repr\u00e4sentationsraum konstituieren und welche gemeinsamen wie disziplinspezifischen Kategorien sich daraus ableiten lassen. Als f\u00e4cher\u00fcbergreifendes Forum richtet sich die Reihe an Studierende und die interessierte \u00d6ffentlichkeit.<\/p>\n","protected":false},"featured_media":84295,"template":"","meta":{"_acf_changed":false},"class_list":["post-84294","kb_events","type-kb_events","status-publish","has-post-thumbnail","hentry","kb_cat_events-vortrag","kb_institution_events-institut-fuer-germanistik","kb_location_events-hoersaal-pk-11-1-haus-der-wissenschaft","kb_theme_events-geistes-und-erziehungswissenschaften","kb_audience_events-interessierte","kb_audience_events-studierende","kb_groups_events-ringvorlesung-institut-fuer-germanistik-krieg-geschichte-gegenwart-zukunft"],"acf":[],"yoast_head":"<!-- This site is optimized with the Yoast SEO plugin v28.4 - https:\/\/yoast.com\/product\/yoast-seo-wordpress\/ -->\n<title>Desertieren - in die Natur. Wilhelm Lehmanns Roman &quot;Der \u00dcberl\u00e4ufer&quot; - TU Braunschweig | Blogs<\/title>\n<meta name=\"description\" content=\"Die Ringvorlesung des Instituts f\u00fcr Germanistik im WS 26\/27 \u201eKrieg: Geschichte \u2013 Gegenwart \u2013 Zukunft.\u201c widmet sich dem Ph\u00e4nomen Krieg aus\" \/>\n<meta name=\"robots\" content=\"index, follow, max-snippet:-1, max-image-preview:large, max-video-preview:-1\" \/>\n<link rel=\"canonical\" href=\"https:\/\/magazin.tu-braunschweig.de\/event\/desertieren-in-die-natur-wilhelm-lehmanns-roman-der-ueberlaeufer\/\" \/>\n<meta property=\"og:locale\" content=\"en_US\" \/>\n<meta property=\"og:type\" content=\"article\" \/>\n<meta property=\"og:title\" content=\"Desertieren - in die Natur. Wilhelm Lehmanns Roman &quot;Der \u00dcberl\u00e4ufer&quot; - TU Braunschweig | Blogs\" \/>\n<meta property=\"og:description\" content=\"Die Ringvorlesung des Instituts f\u00fcr Germanistik im WS 26\/27 \u201eKrieg: Geschichte \u2013 Gegenwart \u2013 Zukunft.\u201c widmet sich dem Ph\u00e4nomen Krieg aus\" \/>\n<meta property=\"og:url\" content=\"https:\/\/magazin.tu-braunschweig.de\/event\/desertieren-in-die-natur-wilhelm-lehmanns-roman-der-ueberlaeufer\/\" \/>\n<meta property=\"og:site_name\" content=\"TU Braunschweig | Blogs\" \/>\n<meta property=\"og:image\" content=\"https:\/\/magazin.tu-braunschweig.de\/wp-content\/uploads\/2026\/09\/2026-09-03_6a9927f001b37_2026-08-31_PlakatKrieg-Ring-VL.jpg\" \/>\n\t<meta property=\"og:image:width\" content=\"1435\" \/>\n\t<meta property=\"og:image:height\" content=\"2030\" \/>\n\t<meta property=\"og:image:type\" content=\"image\/jpeg\" \/>\n<meta name=\"twitter:card\" content=\"summary_large_image\" \/>\n<meta name=\"twitter:label1\" content=\"Est. reading time\" \/>\n\t<meta name=\"twitter:data1\" content=\"1 minute\" \/>\n<script type=\"application\/ld+json\" class=\"yoast-schema-graph\">{\"@context\":\"https:\\\/\\\/schema.org\",\"@graph\":[{\"@type\":\"WebPage\",\"@id\":\"https:\\\/\\\/magazin.tu-braunschweig.de\\\/event\\\/desertieren-in-die-natur-wilhelm-lehmanns-roman-der-ueberlaeufer\\\/\",\"url\":\"https:\\\/\\\/magazin.tu-braunschweig.de\\\/event\\\/desertieren-in-die-natur-wilhelm-lehmanns-roman-der-ueberlaeufer\\\/\",\"name\":\"Desertieren - in die Natur. Wilhelm Lehmanns Roman \\\"Der \u00dcberl\u00e4ufer\\\" - TU Braunschweig | Blogs\",\"isPartOf\":{\"@id\":\"https:\\\/\\\/magazin.tu-braunschweig.de\\\/#website\"},\"primaryImageOfPage\":{\"@id\":\"https:\\\/\\\/magazin.tu-braunschweig.de\\\/event\\\/desertieren-in-die-natur-wilhelm-lehmanns-roman-der-ueberlaeufer\\\/#primaryimage\"},\"image\":{\"@id\":\"https:\\\/\\\/magazin.tu-braunschweig.de\\\/event\\\/desertieren-in-die-natur-wilhelm-lehmanns-roman-der-ueberlaeufer\\\/#primaryimage\"},\"thumbnailUrl\":\"https:\\\/\\\/magazin.tu-braunschweig.de\\\/wp-content\\\/uploads\\\/2026\\\/09\\\/2026-09-03_6a9927f001b37_2026-08-31_PlakatKrieg-Ring-VL.jpg\",\"datePublished\":\"2026-09-03T09:40:54+00:00\",\"description\":\"Die Ringvorlesung des Instituts f\u00fcr Germanistik im WS 26\\\/27 \u201eKrieg: Geschichte \u2013 Gegenwart \u2013 Zukunft.\u201c widmet sich dem Ph\u00e4nomen Krieg aus\",\"breadcrumb\":{\"@id\":\"https:\\\/\\\/magazin.tu-braunschweig.de\\\/event\\\/desertieren-in-die-natur-wilhelm-lehmanns-roman-der-ueberlaeufer\\\/#breadcrumb\"},\"inLanguage\":\"en-US\",\"potentialAction\":[{\"@type\":\"ReadAction\",\"target\":[\"https:\\\/\\\/magazin.tu-braunschweig.de\\\/event\\\/desertieren-in-die-natur-wilhelm-lehmanns-roman-der-ueberlaeufer\\\/\"]}]},{\"@type\":\"ImageObject\",\"inLanguage\":\"en-US\",\"@id\":\"https:\\\/\\\/magazin.tu-braunschweig.de\\\/event\\\/desertieren-in-die-natur-wilhelm-lehmanns-roman-der-ueberlaeufer\\\/#primaryimage\",\"url\":\"https:\\\/\\\/magazin.tu-braunschweig.de\\\/wp-content\\\/uploads\\\/2026\\\/09\\\/2026-09-03_6a9927f001b37_2026-08-31_PlakatKrieg-Ring-VL.jpg\",\"contentUrl\":\"https:\\\/\\\/magazin.tu-braunschweig.de\\\/wp-content\\\/uploads\\\/2026\\\/09\\\/2026-09-03_6a9927f001b37_2026-08-31_PlakatKrieg-Ring-VL.jpg\",\"width\":1435,\"height\":2030},{\"@type\":\"BreadcrumbList\",\"@id\":\"https:\\\/\\\/magazin.tu-braunschweig.de\\\/event\\\/desertieren-in-die-natur-wilhelm-lehmanns-roman-der-ueberlaeufer\\\/#breadcrumb\",\"itemListElement\":[{\"@type\":\"ListItem\",\"position\":1,\"name\":\"Startseite\",\"item\":\"https:\\\/\\\/magazin.tu-braunschweig.de\\\/en\\\/\"},{\"@type\":\"ListItem\",\"position\":2,\"name\":\"Veranstaltungen\",\"item\":\"https:\\\/\\\/magazin.tu-braunschweig.de\\\/event\\\/\"},{\"@type\":\"ListItem\",\"position\":3,\"name\":\"Desertieren &#8211; in die Natur. Wilhelm Lehmanns Roman &#8222;Der \u00dcberl\u00e4ufer&#8220;\"}]},{\"@type\":\"WebSite\",\"@id\":\"https:\\\/\\\/magazin.tu-braunschweig.de\\\/#website\",\"url\":\"https:\\\/\\\/magazin.tu-braunschweig.de\\\/\",\"name\":\"TU Braunschweig | Blogs\",\"description\":\"Die Blogs der Technischen Universit\u00e4t Braunschweig\",\"potentialAction\":[{\"@type\":\"SearchAction\",\"target\":{\"@type\":\"EntryPoint\",\"urlTemplate\":\"https:\\\/\\\/magazin.tu-braunschweig.de\\\/?s={search_term_string}\"},\"query-input\":{\"@type\":\"PropertyValueSpecification\",\"valueRequired\":true,\"valueName\":\"search_term_string\"}}],\"inLanguage\":\"en-US\"}]}<\/script>\n<!-- \/ Yoast SEO plugin. -->","yoast_head_json":{"title":"Desertieren - in die Natur. Wilhelm Lehmanns Roman \"Der \u00dcberl\u00e4ufer\" - TU Braunschweig | Blogs","description":"Die Ringvorlesung des Instituts f\u00fcr Germanistik im WS 26\/27 \u201eKrieg: Geschichte \u2013 Gegenwart \u2013 Zukunft.\u201c widmet sich dem Ph\u00e4nomen Krieg aus","robots":{"index":"index","follow":"follow","max-snippet":"max-snippet:-1","max-image-preview":"max-image-preview:large","max-video-preview":"max-video-preview:-1"},"canonical":"https:\/\/magazin.tu-braunschweig.de\/event\/desertieren-in-die-natur-wilhelm-lehmanns-roman-der-ueberlaeufer\/","og_locale":"en_US","og_type":"article","og_title":"Desertieren - in die Natur. Wilhelm Lehmanns Roman \"Der \u00dcberl\u00e4ufer\" - TU Braunschweig | Blogs","og_description":"Die Ringvorlesung des Instituts f\u00fcr Germanistik im WS 26\/27 \u201eKrieg: Geschichte \u2013 Gegenwart \u2013 Zukunft.\u201c widmet sich dem Ph\u00e4nomen Krieg aus","og_url":"https:\/\/magazin.tu-braunschweig.de\/event\/desertieren-in-die-natur-wilhelm-lehmanns-roman-der-ueberlaeufer\/","og_site_name":"TU Braunschweig | Blogs","og_image":[{"width":1435,"height":2030,"url":"https:\/\/magazin.tu-braunschweig.de\/wp-content\/uploads\/2026\/09\/2026-09-03_6a9927f001b37_2026-08-31_PlakatKrieg-Ring-VL.jpg","type":"image\/jpeg"}],"twitter_card":"summary_large_image","twitter_misc":{"Est. reading time":"1 minute"},"schema":{"@context":"https:\/\/schema.org","@graph":[{"@type":"WebPage","@id":"https:\/\/magazin.tu-braunschweig.de\/event\/desertieren-in-die-natur-wilhelm-lehmanns-roman-der-ueberlaeufer\/","url":"https:\/\/magazin.tu-braunschweig.de\/event\/desertieren-in-die-natur-wilhelm-lehmanns-roman-der-ueberlaeufer\/","name":"Desertieren - in die Natur. Wilhelm Lehmanns Roman \"Der \u00dcberl\u00e4ufer\" - TU Braunschweig | Blogs","isPartOf":{"@id":"https:\/\/magazin.tu-braunschweig.de\/#website"},"primaryImageOfPage":{"@id":"https:\/\/magazin.tu-braunschweig.de\/event\/desertieren-in-die-natur-wilhelm-lehmanns-roman-der-ueberlaeufer\/#primaryimage"},"image":{"@id":"https:\/\/magazin.tu-braunschweig.de\/event\/desertieren-in-die-natur-wilhelm-lehmanns-roman-der-ueberlaeufer\/#primaryimage"},"thumbnailUrl":"https:\/\/magazin.tu-braunschweig.de\/wp-content\/uploads\/2026\/09\/2026-09-03_6a9927f001b37_2026-08-31_PlakatKrieg-Ring-VL.jpg","datePublished":"2026-09-03T09:40:54+00:00","description":"Die Ringvorlesung des Instituts f\u00fcr Germanistik im WS 26\/27 \u201eKrieg: Geschichte \u2013 Gegenwart \u2013 Zukunft.\u201c widmet sich dem Ph\u00e4nomen Krieg aus","breadcrumb":{"@id":"https:\/\/magazin.tu-braunschweig.de\/event\/desertieren-in-die-natur-wilhelm-lehmanns-roman-der-ueberlaeufer\/#breadcrumb"},"inLanguage":"en-US","potentialAction":[{"@type":"ReadAction","target":["https:\/\/magazin.tu-braunschweig.de\/event\/desertieren-in-die-natur-wilhelm-lehmanns-roman-der-ueberlaeufer\/"]}]},{"@type":"ImageObject","inLanguage":"en-US","@id":"https:\/\/magazin.tu-braunschweig.de\/event\/desertieren-in-die-natur-wilhelm-lehmanns-roman-der-ueberlaeufer\/#primaryimage","url":"https:\/\/magazin.tu-braunschweig.de\/wp-content\/uploads\/2026\/09\/2026-09-03_6a9927f001b37_2026-08-31_PlakatKrieg-Ring-VL.jpg","contentUrl":"https:\/\/magazin.tu-braunschweig.de\/wp-content\/uploads\/2026\/09\/2026-09-03_6a9927f001b37_2026-08-31_PlakatKrieg-Ring-VL.jpg","width":1435,"height":2030},{"@type":"BreadcrumbList","@id":"https:\/\/magazin.tu-braunschweig.de\/event\/desertieren-in-die-natur-wilhelm-lehmanns-roman-der-ueberlaeufer\/#breadcrumb","itemListElement":[{"@type":"ListItem","position":1,"name":"Startseite","item":"https:\/\/magazin.tu-braunschweig.de\/en\/"},{"@type":"ListItem","position":2,"name":"Veranstaltungen","item":"https:\/\/magazin.tu-braunschweig.de\/event\/"},{"@type":"ListItem","position":3,"name":"Desertieren &#8211; in die Natur. Wilhelm Lehmanns Roman &#8222;Der \u00dcberl\u00e4ufer&#8220;"}]},{"@type":"WebSite","@id":"https:\/\/magazin.tu-braunschweig.de\/#website","url":"https:\/\/magazin.tu-braunschweig.de\/","name":"TU Braunschweig | Blogs","description":"Die Blogs der Technischen Universit\u00e4t Braunschweig","potentialAction":[{"@type":"SearchAction","target":{"@type":"EntryPoint","urlTemplate":"https:\/\/magazin.tu-braunschweig.de\/?s={search_term_string}"},"query-input":{"@type":"PropertyValueSpecification","valueRequired":true,"valueName":"search_term_string"}}],"inLanguage":"en-US"}]}},"_links":{"self":[{"href":"https:\/\/magazin.tu-braunschweig.de\/en\/wp-json\/wp\/v2\/kb_events\/84294","targetHints":{"allow":["GET"]}}],"collection":[{"href":"https:\/\/magazin.tu-braunschweig.de\/en\/wp-json\/wp\/v2\/kb_events"}],"about":[{"href":"https:\/\/magazin.tu-braunschweig.de\/en\/wp-json\/wp\/v2\/types\/kb_events"}],"wp:featuredmedia":[{"embeddable":true,"href":"https:\/\/magazin.tu-braunschweig.de\/en\/wp-json\/wp\/v2\/media\/84295"}],"wp:attachment":[{"href":"https:\/\/magazin.tu-braunschweig.de\/en\/wp-json\/wp\/v2\/media?parent=84294"}],"curies":[{"name":"wp","href":"https:\/\/api.w.org\/{rel}","templated":true}]}}